{"id":166,"date":"2022-05-19T22:49:31","date_gmt":"2022-05-19T22:49:31","guid":{"rendered":"https:\/\/romanigodi.org\/?page_id=166"},"modified":"2022-05-19T22:49:31","modified_gmt":"2022-05-19T22:49:31","slug":"ekibimiz","status":"publish","type":"page","link":"https:\/\/romanigodi.org\/?page_id=166","title":{"rendered":"Ekibimiz"},"content":{"rendered":"<div class=\"team-grid\">\n<div class=\"team-card\"><img decoding=\"async\" src=\"https:\/\/romanigodi.org\/wp-content\/uploads\/2022\/06\/fatos-kaytan-e1658240617687-298x300.jpg\" alt=\"Fato\u015f Kaytan\" \/><\/p>\n<h3>Fato\u015f Kaytan<\/h3>\n<p><strong>Psikolog, Y\u00f6netim Kurulu Ba\u015fkan\u0131<\/strong><\/p>\n<p style=\"text-align: justify;\">2019Sivil toplum kurulu\u015flar\u0131n\u0131n g\u00fcc\u00fcn\u00fcn insanlar\u0131n ya\u015fam ko\u015fullar\u0131n\u0131n iyile\u015ftirilmesi i\u00e7in kullan\u0131lmas\u0131 gerekti\u011fini d\u00fc\u015f\u00fcnmekteyim dolay\u0131s\u0131yla \u00fcniversite y\u0131llar\u0131ndan bu yana bir\u00e7ok vak\u0131f ve dernekte g\u00f6n\u00fcll\u00fcl\u00fck yapmaktay\u0131m. Avantajlardan mahrum b\u0131rak\u0131lm\u0131\u015f gruplarla aktif olarak ileti\u015fim kurmak, imkanlar\u0131 iyile\u015ftirmek, toplumunsal e\u015fitli\u011fin sa\u011flanmas\u0131 ve bireyleri bilin\u00e7lendirmesi konular\u0131nda sivil toplum \u00f6rg\u00fctlerinde \u00e7al\u0131\u015ft\u0131m. 2019 y\u0131l\u0131nda Bah\u00e7e\u015fehir \u00dcniversitesi Psikoloji b\u00f6l\u00fcm\u00fcnden mezun olduktan sonra profesyonel olarak \u00e7al\u0131\u015fmaya ba\u015flad\u0131m, Avrupa Birli\u011fi ve Roman E\u011fitim Fonu taraf\u0131ndan desteklenen Erken \u00c7ocukluk Geli\u015fimi projesinde proje y\u00f6neticisi olarak \u00e7al\u0131\u015ft\u0131m, ayn\u0131 zamanda International Step by Step Association gibi uluslararas\u0131 sivil toplum kurulu\u015flar\u0131 ile \u00e7al\u0131\u015fma f\u0131rsat\u0131 buldum. Ayr\u0131 MRG gibi uluslararas\u0131 kurulu\u015flar\u0131n\u0131n \u00e7e\u015fitli \u00e7al\u0131\u015fmalar\u0131na kat\u0131larak izleme ve raporlama \u00e7al\u0131\u015fmalar\u0131 yapma f\u0131rsat\u0131 buldum. Avrupa Roman Haklar\u0131 Merkezi (ERRC) T\u00fcrkiye G\u00f6n\u00fcll\u00fclerinden de biri olarak, dijital platformlarda Romanlara kar\u015f\u0131 nefret s\u00f6ylemleri ile m\u00fccadele ettim. Daha sonra Central European Universitesi\u2019nde RGPP\u2019de Kamu Politikalar\u0131 uzmanla\u015ft\u0131r\u0131lm\u0131\u015f alan\u0131nda e\u011fitim g\u00f6rd\u00fcm. Daha sonra Roman dili, tarihi k\u00fclt\u00fcr\u00fc ve e\u015fit haklara eri\u015fim konusunda bir Roman Haf\u0131zas\u0131 olu\u015fturmak i\u00e7in Romani Godi\u2019yi kurduk.<\/p>\n<\/div>\n<div class=\"team-card\"><img decoding=\"async\" src=\"https:\/\/romanigodi.org\/wp-content\/uploads\/2022\/07\/WhatsApp-Image-2022-07-16-at-22.47.04.jpeg\" alt=\"Serkan Baysak\" \/><\/p>\n<h3>Serkan Baysak<\/h3>\n<p><strong>Topluluk Koordinat\u00f6r\u00fc<\/strong><\/p>\n<p style=\"text-align: justify;\">Farkl\u0131 \u00fcniversitelerde makine m\u00fchendisli\u011fi ve i\u015fletme b\u00f6l\u00fcmlerini okudum. \u015eimdilerde adalet b\u00f6l\u00fcm\u00fc \u00f6\u011frencisi olarak ve gelecekte hukuk okuyabilmeyi hayal ediyorum. \u015eu an Roman E\u011fitim Fonu (REF)\u2019un T\u00fcrkiye \u00fclke kolayla\u015ft\u0131r\u0131c\u0131l\u0131\u011f\u0131n\u0131 ve koordinat\u00f6rl\u00fc\u011f\u00fcn\u00fc y\u00fcr\u00fct\u00fcrken ayn\u0131 zaman Avrupa Roman Haklar\u0131 Merkezi(ERRC) ad\u0131na T\u00fcrkiye \u0130nsan Haklar\u0131 Monit\u00f6r\u00fc g\u00f6revini de yerine getiriyorum. 2020-2021 y\u0131lar\u0131nda ERRC T\u00fcrkiye Ulusal G\u00f6n\u00fcll\u00fcleri koordinat\u00f6r\u00fc olarak g\u00f6rev yapt\u0131\u011f\u0131 gen\u00e7lik grubunda dijital platformlarda Romanlara y\u00f6nelik nefret s\u00f6ylemlerinin incelenmesi ve T\u00fcrkiye \u00fclke raporunun haz\u0131rlanmas\u0131nda g\u00f6rev yapt\u0131m. Ayr\u0131ca 2018 y\u0131l\u0131nda da B\u00f6lgesel \u0130\u015fbirli\u011fi Konseyi (RCC) ad\u0131na Roman Eylem Plan\u0131n\u0131n birinci a\u015famas\u0131n\u0131n(2016-2018) de\u011ferlendirilmesi ve ikici a\u015famas\u0131n\u0131n(2019-2021) iyile\u015ftirilmesi i\u00e7in uzman yard\u0131mc\u0131 olarak g\u00f6rev ald\u0131m. 2022 y\u0131l\u0131 ba\u015f\u0131 itibari ile Romani Godi ile yeni bir maceraya ba\u015flaman\u0131n mutlulu\u011funu ya\u015f\u0131yorum.<\/p>\n<\/div>\n<div class=\"team-card\"><img decoding=\"async\" src=\"https:\/\/romanigodi.org\/wp-content\/uploads\/2022\/06\/WhatsApp-Image-2022-06-15-at-14.46.15-e1658240693387.jpeg\" alt=\"G\u00f6ktan Y\u0131ld\u0131r\u0131m\" \/><\/p>\n<h3>G\u00f6ktan Y\u0131ld\u0131r\u0131m<\/h3>\n<p><strong>Proje Koordinat\u00f6r\u00fc<\/strong><\/p>\n<p style=\"text-align: justify;\">I\u011fd\u0131r\u2019da d\u00fcnyaya geldim. Gazi \u00dcniversitesi Hukuk fak\u00fcltesinde okudum. \u00dcniversite okudu\u011fum s\u0131rada k\u00fc\u00e7\u00fck bir gecekonduda \u00e7al\u0131\u015fmalar\u0131n\u0131 y\u00fcr\u00fcten Hayalev\u2019 de kurulu\u015fundan itibaren 4 y\u0131lda fazla yer ald\u0131m. Ba\u015fta Roman \u00e7ocuklar olmak \u00fczere Ankara\/Kale mahallesinde \u00e7ocuklar ile beraber onlarca \u00e7al\u0131\u015fmay\u0131 y\u00fcr\u00fctme \u015fans\u0131na sahip oldum.<\/p>\n<p style=\"text-align: justify;\">Kendim ve t\u00fcm canl\u0131lar i\u00e7in e\u015fit ya\u015fam aray\u0131\u015f\u0131mda; bar\u0131\u015f, emek, g\u00f6\u00e7 ve dayan\u0131\u015fma \u00f6gelerini e\u015fit bir ya\u015fam i\u00e7in anahtar kelimeler oldu.<br \/>\nRoman e\u015fitlik m\u00fccadelesi benim her zaman besleyici ve yol g\u00f6sterici oldu.<br \/>\n\u015eu an kadar \u00c7A\u00c7Av, ERRC T\u00fcrkiye Ulusal G\u00f6n\u00fcll\u00fcleri, \u0130nsan Haklar Derne\u011fi, Roman Haklar\u0131 Derne\u011fi severek yer ald\u0131\u011f\u0131m \u00f6rg\u00fctlenmeler oldu. \u015eu an ise E\u015fit Haklar \u0130\u00e7in \u0130zleme Derne\u011finde \u00e7al\u0131\u015fmaktay\u0131m.<br \/>\nE\u015fitlik ve \u00f6zg\u00fcrl\u00fck m\u00fccadelesi i\u00e7in: Opre Rroma!<\/p>\n<\/div>\n<div class=\"team-card\"><img decoding=\"async\" src=\"https:\/\/romanigodi.org\/wp-content\/uploads\/2022\/06\/WhatsApp-Image-2022-06-15-at-13.10.29-e1658262603148.jpeg\" alt=\"kader sevin\u00e7\" \/><\/p>\n<h3>Kader Sevin\u00e7<\/h3>\n<p><strong>Sosyal Hizmet Uzman\u0131<\/strong><\/p>\n<p style=\"text-align: justify;\">2022 y\u0131l\u0131nda Yalova \u00dcniversitesi Sosyal Hizmet b\u00f6l\u00fcm\u00fcnden mezun oldum. \u00dcniversite hayat\u0131 boyunca sivil toplum derneklerinde g\u00f6n\u00fcll\u00fcl\u00fck \u00e7al\u0131\u015fmalar\u0131na kat\u0131ld\u0131m. \u00dcniversite e\u011fitimi devam ederken ayn\u0131 zamanda dil e\u011fitimi de almaya devam ettim. Roman sivil toplum alan\u0131nda g\u00f6n\u00fcll\u00fc olarak \u00e7al\u0131\u015fmaya devam etmek; Roman toplumunun di\u011fer toplumlarla e\u015fit refah seviyesine ula\u015fmas\u0131 ve aradaki u\u00e7urumun azalmas\u0131 i\u00e7in \u00e7al\u0131\u015fmak istiyorum. Ayn\u0131 zamanda Romani Godi \u00fcyelerinden birisiyim.<\/p>\n<\/div>\n<div class=\"team-card\"><img decoding=\"async\" src=\"https:\/\/romanigodi.org\/wp-content\/uploads\/2022\/08\/WhatsApp-Image-2022-08-20-at-12.36.25-e1660991518497.jpeg\" alt=\"Suzan Varg\u00fcn\" \/><\/p>\n<h3>Suzan Varg\u00fcn<\/h3>\n<p><strong>Hukuk Dan\u0131\u015fman\u0131<\/strong><\/p>\n<p style=\"text-align: justify;\">Kars\u2019ta d\u00fcnyaya geldim. Ba\u015fkent \u00dcniversitesi Hukuk fak\u00fcltesinde okurken, sivil toplumla tan\u0131\u015fma \u015fans\u0131 yakalad\u0131m. Farkl\u0131 sivil toplum \u00f6rg\u00fctlerinde g\u00f6n\u00fcll\u00fc olarak destek sundum. G\u00f6n\u00fcll\u00fc \u00e7al\u0131\u015fmalar insan haklar\u0131n\u0131n \u00f6nemini kavramama katk\u0131 sa\u011flad\u0131. Ankara\u2019n\u0131n Kale mahallesinde ya\u015fayan Roman \u00e7ocuklar i\u00e7in ba\u015flat\u0131lan bir proje ile bu b\u00f6lgeyi g\u00f6rme ve oradaki g\u00fczel insanlarla tan\u0131\u015fma f\u0131rsat\u0131 yakalad\u0131m. Ankara\u2019daki e\u011fitim hayat\u0131m\u0131n tamamlanmas\u0131ndan sonra \u00e7al\u0131\u015fmay\u0131 yeni g\u00f6n\u00fcll\u00fc arkada\u015flara devredip \u0130stanbul\u2019a d\u00f6nd\u00fcm. \u0130stanbul\u2019da k\u0131sa bir s\u00fcre Ku\u015ftepe\u2019deki Roman \u00e7ocuklarla \u00e7al\u0131\u015ft\u0131m. Avukatl\u0131k staj\u0131m s\u00fcrecinde birka\u00e7 insan haklar\u0131 \u00f6rg\u00fct\u00fc \u00e7al\u0131\u015fma f\u0131rsat\u0131 yakalad\u0131m. Hak ihlallerine u\u011frayan gruplara hukuki destek sunarak katk\u0131da bulunmaya \u00e7al\u0131\u015ft\u0131m. Mesleki staj\u0131m sona erdikten sonra sivil toplumda daha \u00f6zg\u00fcr \u00e7al\u0131\u015fabilmek ve kendimi geli\u015ftirmek ad\u0131na kendi avukatl\u0131k ofisimi kurdum. \u015eu an Romani Godi\u2019de Roman \u00f6zg\u00fcrl\u00fck m\u00fccadelesi i\u00e7in daha etkin \u00e7al\u0131\u015fabilmek ad\u0131na kendimi geli\u015ftirmeye ve hak ihlalleri kar\u015f\u0131s\u0131nda mesleki \u00f6\u011fretimle destek sunmaya gayret ediyorum.<\/p>\n<p style=\"text-align: justify;\">Bir halk\u0131n tarihinin, dilinin ve k\u00fclt\u00fcr\u00fcn\u00fcn kendisi i\u00e7in ne kadar \u00f6nemli oldu\u011funun ve bunlara y\u00f6nelik ma\u011fduriyetleri en \u00e7ok ya\u015fayan halklardan birinin Romanlar\u0131n oldu\u011funu fark etti\u011fimden andan itibaren Romanlar\u0131n tarihlerinin, k\u00fclt\u00fcrlerinin ve Roman dilinin varl\u0131\u011f\u0131n\u0131 korumas\u0131 ve nesilden nesile aktar\u0131lmas\u0131 i\u00e7in bu m\u00fccadelesinde yer almaya karar verdim.<\/p>\n<p style=\"text-align: justify;\">\u0130\u015fte t\u00fcm bu sebeplerden dolay\u0131 E\u015fitlik ve \u00f6zg\u00fcrl\u00fck m\u00fccadelesi i\u00e7in: Opr\u00e9 Roma!<\/p>\n<\/div>\n<div class=\"team-card\"><img decoding=\"async\" src=\"https:\/\/romanigodi.org\/wp-content\/uploads\/2022\/07\/image-9.png\" alt=\"Z\u00fchal Gezicier\" \/><\/p>\n<h3>Z\u00fchal Gezicier<\/h3>\n<p><strong>Finans ve Raporlama Uzman\u0131<\/strong><\/p>\n<p style=\"text-align: justify;\">C. Wright Mills\u2019in \u201cEntelekt\u00fcel \u00e7al\u0131\u015fmayla bireysel ya\u015fam\u0131n ba\u011fda\u015ft\u0131r\u0131lmas\u0131\u201d ilkesini tersinden okuyarak bireysel ya\u015fam\u0131n\u0131 entelekt\u00fcel \u00e7al\u0131\u015fmayla ba\u011fda\u015ft\u0131rmak ve Carolyn G.Heilbrun\u2019\u00fcn \u201cKi\u015finin kendi \u00f6yk\u00fcs\u00fcne sahip \u00e7\u0131kma g\u00fcc\u00fc\u201d ifadesiyle cesaretlenerek, Dom kimli\u011fini atalar\u0131n\u0131n g\u00fcndelik ya\u015fam pratikleriyle incelemeyi hedeflemekteyim.<\/p>\n<p style=\"text-align: justify;\">2012\u2019de Gaziantep \u00dcniversitesi T\u00fcrk Dili ve Edebiyat\u0131 b\u00f6l\u00fcm\u00fcnden mezun oldu. 2014\u2019te Erzincan \u00dcniversitesi\u2019nde Pedagojik E\u011fitim ald\u0131m. 2019\u2019da yine Gaziantep \u00dcniversitesi G\u00f6\u00e7 Enstit\u00fcs\u00fc Kad\u0131n \u00c7al\u0131\u015fmalar\u0131 Ana bilim dal\u0131nda y\u00fcksek lisans yapt\u0131m. Y\u00fcksek lisans tezini yine aidiyeti olan Domlarla ilgili \u201cDom Toplumunda Toplumsal Cinsiyet Alg\u0131s\u0131n\u0131n D\u00f6n\u00fc\u015f\u00fcm\u00fc\u201d, g\u00f6\u00e7ebe ya\u015famdan yerle\u015fik ya\u015fama ge\u00e7i\u015f s\u00fcrecinde de\u011fi\u015fen ge\u00e7im \u015fekilleriyle birlikte d\u00f6n\u00fc\u015fen toplumsal cinsiyet rolleri ile ilgili yapt\u0131m.<\/p>\n<p style=\"text-align: justify;\">2016\u2019dan bu yana hak temelli \u00e7al\u0131\u015fan bir \u00f6rg\u00fctte ve Domlarla ilgili savunuculuk yapan bir kurumda \u00e7al\u0131\u015fmaktay\u0131m. Ayn\u0131 zamanda Romani Godi\u2019nin kurucu \u00fcyelerinden biriyim.<\/p>\n<\/div>\n<div class=\"team-card\"><img decoding=\"async\" src=\"https:\/\/romanigodi.org\/wp-content\/uploads\/2022\/08\/Mask-group-e1659428045551.jpg\" alt=\"Sergen G\u00fcl\" \/><\/p>\n<h3>Sergen G\u00fcl<\/h3>\n<p><strong>Raporlama Uzman\u0131<\/strong><\/p>\n<p style=\"text-align: justify;\">Van Y\u00fcz\u00fcnc\u00fc Y\u0131l \u00dcniversitesi\u2019nden Kimya E\u011fitimi alan\u0131nda y\u00fcksek lisans derecesine ald\u0131ktan sonra Eski\u015fehir Anadolu \u00dcniversitesi\u2019nde Web Tasar\u0131m ve Kodlama okudum. Y\u00fcksek lisans tezi i\u00e7in bir sanal ger\u00e7eklik platformu geli\u015ftirdim ve sanal ger\u00e7eklikle Kimya E\u011fitimi ara\u015ft\u0131rmalar\u0131 yapt\u0131m. 2018-2020 y\u0131llar\u0131 aras\u0131 iki y\u0131l Saff Chemical Reagan \u015eirketin de kimyager olarak \u00e7al\u0131\u015fmas\u0131n\u0131n ard\u0131ndan bir y\u0131l Van G\u00f6l\u00fc Meslek Lisesi\u2019nde Kimya \u00f6\u011fretmeni olarak g\u00f6rev yapt\u0131m. Bu s\u00fcre\u00e7te Do\u011fu Anadolu\u2019nun ilk bilim s\u0131n\u0131f\u0131n\u0131n olu\u015fmas\u0131na katk\u0131 sa\u011flad\u0131m. 8. ve 10. Uluslararas\u0131 \u0130la\u00e7 Kimyas\u0131 Kongrelerinde d\u00f6rt s\u00f6zl\u00fc sunum ger\u00e7ekle\u015ftirdim ve y\u00fcksek lisans \u00e7al\u0131\u015fmalar\u0131yla ilgili makalem bir Avrupa dergisi olan Chemistry Select\u2019te yay\u0131nland\u0131. \u00dc\u00e7 farkl\u0131 bilimsel dergilerde yay\u0131nlanmay\u0131 bekleyen makaleleri olan benim ara\u015ft\u0131rma konular\u0131m aras\u0131nda organik sentez, anti-bakteriyel ajanlar\u0131n geli\u015ftirilmesi, h\u00fccre g\u00f6r\u00fcnt\u00fcleyici ajanlar\u0131n tasar\u0131m\u0131, ye\u015fil kimya ve \u00e7evresel adalet konular\u0131 vard\u0131r.<\/p>\n<p style=\"text-align: justify;\">2020-2021 y\u0131llar\u0131 aras\u0131nda Macaristan\u2019\u0131n Orta Avrupa \u00dcniversitesi\u2019nde Roman \u00c7al\u0131\u015fmalar\u0131 program\u0131ndan yer ald\u0131m, \u00c7evre bilimleri ve Politikalar\u0131 alan\u0131nda derslere kat\u0131ld\u0131m ve T\u00fcrkiye\u2019nin Modernle\u015fme ve Sanayile\u015fme politikalar\u0131n\u0131n Roman toplumu \u00fczerindeki etkisini ara\u015ft\u0131ran bir tez yazd\u0131m. 2021 y\u0131l\u0131nda Orta Avrupa \u00dcniversitesi\u2019nin Viyana kamp\u00fcs\u00fcnde \u00c7evre bilimleri ve Politikalar\u0131 alan\u0131nda ikinci y\u00fcksek lisans\u0131 i\u00e7in tam burs alma hakk\u0131 kazand\u0131 fakat sa\u011fl\u0131k problemleri nedeniyle ilk d\u00f6nemden sonra okula devam edemedim. 2022 y\u0131l\u0131nda Van Y\u00fcz\u00fcnc\u00fc Y\u0131l \u00dcniversitesi\u2019nde Organik Kimya alan\u0131nda doktora e\u011fitimine ba\u015flad\u0131m. Ayn\u0131 y\u0131l Van Y\u00fcz\u00fcnc\u00fc Y\u0131l \u00fcniversitesinde akademik bir pozisyon buldum ve \u015fu an Eczac\u0131l\u0131k fak\u00fcltesinde \u00e7al\u0131\u015fmalar\u0131ma devam etmekteyim. Ayr\u0131ca T\u00fcrkiye Sa\u011fl\u0131k Enstit\u00fcleri Ba\u015fkanl\u0131\u011f\u0131 (T\u00dcSEB) taraf\u0131ndan desteklenen Beyin t\u00fcm\u00f6r\u00fc tedavisinde biyo-aktif molek\u00fcllerin geli\u015ftirilmesi projesinde doktora bursiyeriyim. Bunun yans\u0131ra, Van Y\u00fcz\u00fcnc\u00fc Y\u0131l \u00dcniversitesi Bilimsel Ara\u015ft\u0131rma Projeleri Koordinasyon Birimi taraf\u0131ndan desteklenen \u201dYeni Koronavir\u00fcs (2019-nCoV) Enfeksiyonunda Tedavi Edici \u0130la\u00e7 Aday\u0131n\u0131n Tasarlanmas\u0131, Sentezi ve Etkinli\u011finin Akci\u011fer H\u00fccrelerinde Test Edilmesi: 2019-nCoV Proteaz Enzimi i\u00e7in Etkili \u0130nhibit\u00f6rler\u201d adl\u0131 projede ara\u015ft\u0131rmac\u0131 olarak \u00e7al\u0131\u015fmaktay\u0131m.<\/p>\n<p style=\"text-align: justify;\">2011 y\u0131l\u0131ndan beri Romanlar \u00fczerine bir\u00e7ok projede g\u00f6n\u00fcll\u00fcl\u00fck esasl\u0131 \u00e7al\u0131\u015fmalarda bulunmaktay\u0131m, bunlardan baz\u0131lar; 2012 ve 2017 y\u0131llar\u0131 aras\u0131nda, yirmi Roman gen\u00e7le birlikte, \u0130stanbul\u2019daki T\u00fcrk Roman gen\u00e7lerinin durumunu \u00f6zetleyen ilk manifestonun haz\u0131rlanmas\u0131na katk\u0131da bulunmak ve T\u00fcrkiye Roman Gen\u00e7 A\u011f\u0131\u2019nda g\u00f6n\u00fcll\u00fc faaliyetlere destek olmak oldu.<\/p>\n<p style=\"text-align: justify;\">2011 y\u0131l\u0131nda \u201cRoman ve Roman Olmamak\u201d adl\u0131 \u00e7al\u0131\u015fmas\u0131yla uluslararas\u0131 bir foto\u011fraf \u00f6yk\u00fc yar\u0131\u015fmas\u0131nda d\u00fcnya 9. oldum.<\/p>\n<p style=\"text-align: justify;\">\u0130yi derecede \u0130ngilizce bilen benim en b\u00fcy\u00fck ama\u00e7lar\u0131m aras\u0131nda T\u00fcrkiye\u2019de Romanlar\u0131n akademide temsiliyetini sa\u011flamak ve T\u00fcrkiye\u2019de ilk Roman profes\u00f6r olmak vard\u0131r.<\/p>\n<\/div>\n<\/div>\n","protected":false},"excerpt":{"rendered":"<p>Fato\u015f Kaytan Psikolog, Y\u00f6netim Kurulu Ba\u015fkan\u0131 2019Sivil toplum kurulu\u015flar\u0131n\u0131n g\u00fcc\u00fcn\u00fcn insanlar\u0131n ya\u015fam ko\u015fullar\u0131n\u0131n iyile\u015ftirilmesi i\u00e7in kullan\u0131lmas\u0131 gerekti\u011fini d\u00fc\u015f\u00fcnmekteyim dolay\u0131s\u0131yla \u00fcniversite y\u0131llar\u0131ndan bu yana bir\u00e7ok vak\u0131f ve dernekte g\u00f6n\u00fcll\u00fcl\u00fck yapmaktay\u0131m. Avantajlardan mahrum b\u0131rak\u0131lm\u0131\u015f gruplarla aktif olarak ileti\u015fim kurmak, imkanlar\u0131 iyile\u015ftirmek, toplumunsal e\u015fitli\u011fin sa\u011flanmas\u0131 ve bireyleri bilin\u00e7lendirmesi konular\u0131nda sivil toplum \u00f6rg\u00fctlerinde \u00e7al\u0131\u015ft\u0131m. 2019 y\u0131l\u0131nda Bah\u00e7e\u015fehir \u00dcniversitesi Psikoloji [&hellip;]<\/p>\n","protected":false},"author":1,"featured_media":0,"parent":0,"menu_order":0,"comment_status":"closed","ping_status":"closed","template":"","meta":{"footnotes":""},"class_list":["post-166","page","type-page","status-publish","hentry"],"_links":{"self":[{"href":"https:\/\/romanigodi.org\/index.php?rest_route=\/wp\/v2\/pages\/166","targetHints":{"allow":["GET"]}}],"collection":[{"href":"https:\/\/romanigodi.org\/index.php?rest_route=\/wp\/v2\/pages"}],"about":[{"href":"https:\/\/romanigodi.org\/index.php?rest_route=\/wp\/v2\/types\/page"}],"author":[{"embeddable":true,"href":"https:\/\/romanigodi.org\/index.php?rest_route=\/wp\/v2\/users\/1"}],"replies":[{"embeddable":true,"href":"https:\/\/romanigodi.org\/index.php?rest_route=%2Fwp%2Fv2%2Fcomments&post=166"}],"version-history":[{"count":0,"href":"https:\/\/romanigodi.org\/index.php?rest_route=\/wp\/v2\/pages\/166\/revisions"}],"wp:attachment":[{"href":"https:\/\/romanigodi.org\/index.php?rest_route=%2Fwp%2Fv2%2Fmedia&parent=166"}],"curies":[{"name":"wp","href":"https:\/\/api.w.org\/{rel}","templated":true}]}}