{"id":319,"date":"2022-05-26T08:55:26","date_gmt":"2022-05-26T08:55:26","guid":{"rendered":"https:\/\/romanigodi.org\/?page_id=319"},"modified":"2022-05-26T08:55:26","modified_gmt":"2022-05-26T08:55:26","slug":"hakkimizda","status":"publish","type":"page","link":"https:\/\/romanigodi.org\/?page_id=319","title":{"rendered":"Hakk\u0131m\u0131zda"},"content":{"rendered":"<h3 style=\"text-align: center;\"><\/h3>\n<blockquote><p>Romani Godi, Romanes\u2019te \u201cRoman Akl\u0131\u201d anlam\u0131na gelmektedir.<\/p><\/blockquote>\n<p><span id=\"page34R_mcid9\" class=\"markedContent\"><span dir=\"ltr\" role=\"presentation\">Romani<\/span> <span dir=\"ltr\" role=\"presentation\">Godi, <\/span><span dir=\"ltr\" role=\"presentation\">Romanlar\u0131n e\u015fitsizlik, ayr\u0131mc\u0131l\u0131k, hak ihlalleri,<\/span> <span dir=\"ltr\" role=\"presentation\">Roman dilinin ve k\u00fclt\u00fcr\u00fcn\u00fcn ya\u015fad\u0131\u011f\u0131 <\/span><span dir=\"ltr\" role=\"presentation\">yok olma tehlikesini der<\/span><span dir=\"ltr\" role=\"presentation\">t eden bir grup gen\u00e7 aktivistin<\/span> <span dir=\"ltr\" role=\"presentation\">\u2018Opre Roma\u2019<\/span> <span dir=\"ltr\" role=\"presentation\">slogan\u0131 ile 2022 <\/span><span dir=\"ltr\" role=\"presentation\">y\u0131l\u0131 ba\u015f\u0131nda \u00e7\u0131kt\u0131klar\u0131 bir yolculuktur. Romani Godi; Romanlar\u0131n dillerini, tarihlerini, <\/span><span dir=\"ltr\" role=\"presentation\">k\u00fclt\u00fcrlerini, Romanlar\u0131n ya\u015fad\u0131\u011f\u0131 e\u015fitsizlikleri ve maruz kald\u0131klar\u0131 her t\u00fcrl\u00fc tarihsel <\/span><span dir=\"ltr\" role=\"presentation\">eylemleri;<\/span> <span dir=\"ltr\" role=\"presentation\">bir b<\/span><span dir=\"ltr\" role=\"presentation\">\u00fct\u00fcn olarak toplumsal h<\/span><span dir=\"ltr\" role=\"presentation\">af\u0131za olarak kabul eder. <\/span><\/span><\/p>\n<p><span id=\"page34R_mcid9\" class=\"markedContent\"><span dir=\"ltr\" role=\"presentation\">Romani<\/span> <span dir=\"ltr\" role=\"presentation\">Godi, <\/span><span dir=\"ltr\" role=\"presentation\">Romanlar\u0131n toplumsal haf\u0131zas\u0131n\u0131n g\u00fc\u00e7lendirilmesi ve e\u015fitsizli\u011fin ortadan kald\u0131r\u0131lmas\u0131 <\/span><span dir=\"ltr\" role=\"presentation\">i\u00e7in hak temelli \u00e7\u00f6z\u00fcmler \u00fcretilmesi amac\u0131yla izleme, ara\u015ft\u0131rma ve raporlama <\/span><span dir=\"ltr\" role=\"presentation\">\u00e7al\u0131\u015fmalar\u0131 y\u00fcr\u00fctmektedir. <\/span><\/span><span id=\"page34R_mcid10\" class=\"markedContent\"><span dir=\"ltr\" role=\"presentation\">Bir<\/span> <span dir=\"ltr\" role=\"presentation\">i<\/span><span dir=\"ltr\" role=\"presentation\">nis<\/span><span dir=\"ltr\" role=\"presentation\">iyatif<\/span> <span dir=\"ltr\" role=\"presentation\">olarak<\/span> <span dir=\"ltr\" role=\"presentation\">yola<\/span> <span dir=\"ltr\" role=\"presentation\">\u00e7\u0131kan<\/span> <span dir=\"ltr\" role=\"presentation\">Romani<\/span> <span dir=\"ltr\" role=\"presentation\">Godi,<\/span> <span dir=\"ltr\" role=\"presentation\">sonraki<\/span> <span dir=\"ltr\" role=\"presentation\">s\u00fcre\u00e7te<\/span> <span dir=\"ltr\" role=\"presentation\">Roman<\/span> <span dir=\"ltr\" role=\"presentation\">Haf\u0131za <\/span><span dir=\"ltr\" role=\"presentation\">\u00c7al\u0131\u015fmalar\u0131 Derne\u011fi (Romani Godi) ad\u0131yla t\u00fczel ki\u015fili\u011fe d\u00f6n\u00fc\u015fm\u00fc\u015ft\u00fcr.<\/span><\/span><\/p>\n<p>Romani Godi olarak; Romanlar\u0131n dillerini, tarihlerini, k\u00fclt\u00fcrlerini veya Romanlara kar\u015f\u0131 her t\u00fcrl\u00fc eylemleri;\u00a0 bir b\u00fct\u00fcn olarak haf\u0131za kabul ederiz. Toplumsal bir haf\u0131zan\u0131n, daha ya\u015fanabilir bir d\u00fcnya i\u00e7in \u00f6nemli bir gereksinim oldu\u011funa inan\u0131yoruz. S\u00fcrd\u00fcr\u00fclebilir politikalar ve kal\u0131c\u0131 \u00e7\u00f6z\u00fcmler i\u00e7in sorunlar\u0131 ya\u015fayan ki\u015filerin bak\u0131\u015f a\u00e7\u0131s\u0131na sahip olunmas\u0131 ve \u015fartlar\u0131n iyi de\u011ferlendirilmesi gerekti\u011fini d\u00fc\u015f\u00fcnmekteyiz. Bu nedenle Romani Godi olarak yolculu\u011fumuza ba\u015flad\u0131k.<\/p>\n<p>Ba\u015flad\u0131\u011f\u0131m\u0131z bu yolculukta zamanla bizlere e\u015flik edecek bir \u00e7ok yeni arkada\u015flar olaca\u011f\u0131na inand\u0131\u011f\u0131m\u0131z gibi, Romanlar\u0131n durumlar\u0131n\u0131n iyile\u015ftirmelerini kendine dert edinen herkese de yolculuklar\u0131nda yol arkada\u015fl\u0131\u011f\u0131 etmeye her zaman haz\u0131r olaca\u011f\u0131z.<\/p>\n<blockquote><p><strong>Romani Godi\u2019nin vizyonu,<\/strong> Romanlar\u0131n, T\u00fcrkiye\u2019deki ve di\u011fer \u00fclkelerdeki durumunu ve Romanlar hakk\u0131nda yap\u0131lan \u00e7al\u0131\u015fmalar\u0131 ara\u015ft\u0131r\u0131p; bir haf\u0131za olu\u015fturarak var olan durumun iyile\u015ftirilmesi i\u00e7in m\u00fccadele etmek.<\/p>\n<p><strong>Romani Godi\u2019nin misyonu,<\/strong> T\u00fcrkiye\u2019deki ve Avrupa\u2019daki Romanlar\u0131n durumlar\u0131n\u0131n iyile\u015ftirilmesi i\u00e7in: Romanlar i\u00e7in s\u00f6ylenmi\u015f her s\u00f6z\u00fc, yaz\u0131lm\u0131\u015f her sat\u0131r\u0131 bularak g\u00f6r\u00fcn\u00fcr k\u0131lmak; Romanlara dair bilgilere ihtiyac\u0131 olan herkese do\u011fru ve g\u00fcvenilir bir kaynak olu\u015fturmak ve Romanlar i\u00e7in \u00e7al\u0131\u015fma yapmak isteyen herkese yol arkada\u015fl\u0131\u011f\u0131 etmek.<\/p><\/blockquote>\n<h3><strong>De\u011ferler ve \u0130lkeler<\/strong><\/h3>\n<p>Romani Godi, \u00e7al\u0131\u015fmalar\u0131na do\u011fru bilgilerle olu\u015fturulmu\u015f bir Roman haf\u0131zas\u0131n\u0131n, ekip \u00e7al\u0131\u015fmas\u0131n\u0131n ve do\u011fru kat\u0131l\u0131m\u0131n sa\u011fland\u0131\u011f\u0131 saha-sivil ve toplum-karar verici mekanizmalar aras\u0131ndaki i\u015fbirli\u011finin g\u00fcc\u00fcne inanarak ba\u015flam\u0131\u015ft\u0131r. Bu do\u011frultuda: Romanlar i\u00e7in s\u00f6ylenmi\u015f her s\u00f6z\u00fc, yaz\u0131lm\u0131\u015f her yaz\u0131y\u0131 ihtiyac\u0131 olan ki\u015filere ula\u015ft\u0131rmak i\u00e7in m\u00fccadele edecektir. Bunun i\u00e7in ekip \u00e7al\u0131\u015fmas\u0131na ve ekibin aras\u0131ndaki dayan\u0131\u015fmaya b\u00fcy\u00fck \u00f6nem vermekteyiz.<\/p>\n<p>Romani Godi, T\u00fcrkiye\u2019de Roman alan\u0131nda uzun s\u00fcredir do\u011fru olu\u015fturulamayan saha-sivil, toplum-karar verici aras\u0131ndaki i\u015fbirli\u011finin, Romanlar\u0131n bulundu\u011fu \u015fartlar\u0131n iyile\u015ftirilmesinde \u00e7ok \u00f6nemli bir yeri oldu\u011funa inanmaktad\u0131r. Bu y\u00fczden s\u00fcrekli sahada olan ve ayn\u0131 zamanda yap\u0131lacak \u00e7al\u0131\u015fmalarda liyakatine inand\u0131\u011f\u0131 ki\u015filerle karar verici mekanizmalara en do\u011fru de\u011ferlendirme ve \u00f6nerileri sunmak i\u00e7in m\u00fccadele edecektir. Bu s\u00fcre\u00e7te \u00f6zellikle de Romanlar i\u00e7in \u00e7al\u0131\u015fan sivil toplum kurulu\u015flar\u0131n\u0131n kapasitesini geli\u015ftirmek i\u00e7in de ayr\u0131ca \u00e7al\u0131\u015fmalar y\u00fcr\u00fctecektir.<\/p>\n<p>Romani Godi bu hedefler do\u011frultusunda 2022 y\u0131l\u0131ndan ba\u015flayarak 2025 y\u0131l\u0131 sonuna kadar \u00e7al\u0131\u015fmalar\u0131nda a\u015fa\u011f\u0131daki ilkeleri uygulayacakt\u0131r.<\/p>\n<ul>\n<li><em><u><strong>Do\u011fruluk ve payla\u015f\u0131mc\u0131l\u0131k:<br \/>\n<\/strong><\/u><\/em>Romani Godi, Romanlar konusunda yap\u0131lan t\u00fcm \u00e7al\u0131\u015fmalarda en do\u011fru bilgileri bularak g\u00f6r\u00fcn\u00fcr k\u0131lmay\u0131 ve bu bilgilere ihtiyac\u0131 olan herkesle payla\u015fmay\u0131 ama\u00e7lamaktad\u0131r.<\/li>\n<li><em><u><strong>Dahiliyet ve Ortakl\u0131k:<\/strong><br \/>\n<\/u><\/em>Romani Godi, yap\u0131lacak \u00e7al\u0131\u015fmalara t\u00fcm taraflar\u0131 ve payda\u015flar\u0131 dahil ederek do\u011fru ve g\u00fcvenilir ortakl\u0131klarla toplumsal geli\u015fimi ama\u00e7lamaktad\u0131r.<\/li>\n<li><em><u><strong>\u015eeffafl\u0131k ve Ba\u011f\u0131ms\u0131zl\u0131k<\/strong><br \/>\n<\/u><\/em>Romani Godi, var olan sorunlara kal\u0131c\u0131 \u00e7\u00f6z\u00fcmler sunmay\u0131 ama\u00e7layan t\u00fcm ulusal ve uluslararas\u0131 kurum ve ba\u011f\u0131\u015f\u00e7\u0131lardan tarafs\u0131z ve ba\u011f\u0131ms\u0131z bir olu\u015fumdur. Finansal varl\u0131klar\u0131n y\u00f6netiminde \u015feffafl\u0131\u011f\u0131 taahh\u00fct eder. Web sitesi ve di\u011fer kamuya a\u00e7\u0131k medya arac\u0131l\u0131\u011f\u0131yla \u00e7al\u0131\u015fmalar\u0131yla ilgili t\u00fcm bilgileri yay\u0131nlar.<\/li>\n<li><em><u><strong>E\u015fitlik<\/strong><br \/>\n<\/u><\/em>Romani Godi, \u00e7al\u0131\u015fmalar\u0131nda toplumsal cinsiyet e\u015fitli\u011fini sa\u011flanmas\u0131n\u0131 hedeflemektedir. Ayr\u0131ca \u00e7ocuklar\u0131n ve gen\u00e7lerin kat\u0131l\u0131mlar\u0131n\u0131 sa\u011flanmas\u0131n\u0131 ve karar mekanizmalar\u0131na dahiliyetini hedeflemektedir.<\/li>\n<\/ul>\n<p>Romani Godi; Irksal, inan\u00e7sal, dinsel, cinsel, mezhepsel veya farkl\u0131 bir kimliksel aidiyetinden \u00f6t\u00fcr\u00fc ayr\u0131mc\u0131l\u0131\u011fa maruz kalan b\u00fct\u00fcn gruplar ile dayan\u0131\u015fmay\u0131 ama\u00e7lamaktad\u0131r.<\/p>\n","protected":false},"excerpt":{"rendered":"<p>Romani Godi, Romanes\u2019te \u201cRoman Akl\u0131\u201d anlam\u0131na gelmektedir. Romani Godi, Romanlar\u0131n e\u015fitsizlik, ayr\u0131mc\u0131l\u0131k, hak ihlalleri, Roman dilinin ve k\u00fclt\u00fcr\u00fcn\u00fcn ya\u015fad\u0131\u011f\u0131 yok olma tehlikesini dert eden bir grup gen\u00e7 aktivistin \u2018Opre Roma\u2019 slogan\u0131 ile 2022 y\u0131l\u0131 ba\u015f\u0131nda \u00e7\u0131kt\u0131klar\u0131 bir yolculuktur. Romani Godi; Romanlar\u0131n dillerini, tarihlerini, k\u00fclt\u00fcrlerini, Romanlar\u0131n ya\u015fad\u0131\u011f\u0131 e\u015fitsizlikleri ve maruz kald\u0131klar\u0131 her t\u00fcrl\u00fc tarihsel eylemleri; bir [&hellip;]<\/p>\n","protected":false},"author":1,"featured_media":0,"parent":0,"menu_order":0,"comment_status":"closed","ping_status":"closed","template":"","meta":{"footnotes":""},"class_list":["post-319","page","type-page","status-publish","hentry"],"_links":{"self":[{"href":"https:\/\/romanigodi.org\/index.php?rest_route=\/wp\/v2\/pages\/319","targetHints":{"allow":["GET"]}}],"collection":[{"href":"https:\/\/romanigodi.org\/index.php?rest_route=\/wp\/v2\/pages"}],"about":[{"href":"https:\/\/romanigodi.org\/index.php?rest_route=\/wp\/v2\/types\/page"}],"author":[{"embeddable":true,"href":"https:\/\/romanigodi.org\/index.php?rest_route=\/wp\/v2\/users\/1"}],"replies":[{"embeddable":true,"href":"https:\/\/romanigodi.org\/index.php?rest_route=%2Fwp%2Fv2%2Fcomments&post=319"}],"version-history":[{"count":0,"href":"https:\/\/romanigodi.org\/index.php?rest_route=\/wp\/v2\/pages\/319\/revisions"}],"wp:attachment":[{"href":"https:\/\/romanigodi.org\/index.php?rest_route=%2Fwp%2Fv2%2Fmedia&parent=319"}],"curies":[{"name":"wp","href":"https:\/\/api.w.org\/{rel}","templated":true}]}}